{"id":8317,"date":"2025-03-07T17:34:16","date_gmt":"2025-03-07T23:34:16","guid":{"rendered":"https:\/\/dahlercostarica.com\/volcans-et-paradis-naturels\/"},"modified":"2025-11-11T13:41:48","modified_gmt":"2025-11-11T19:41:48","slug":"volcans-et-paradis-naturels","status":"publish","type":"page","link":"https:\/\/dahlercostarica.com\/fr\/costa-rica\/volcans-et-paradis-naturels\/","title":{"rendered":"Volcans et paradis naturels"},"content":{"rendered":"\t\t<div data-elementor-type=\"wp-page\" data-elementor-id=\"8317\" class=\"elementor elementor-8317 elementor-6054\">\n\t\t\t\t<div class=\"elementor-element elementor-element-9c8dd7a e-flex e-con-boxed e-con e-parent\" data-id=\"9c8dd7a\" data-element_type=\"container\" data-e-type=\"container\" data-settings=\"{&quot;background_background&quot;:&quot;classic&quot;}\">\n\t\t\t\t\t<div class=\"e-con-inner\">\n\t\t\r\n\t\t<div class=\"elementor-element elementor-element-93dda94 elementor-widget__width-initial elementor-widget-mobile__width-inherit elementor-widget elementor-widget-tourmsectiontitle\" data-id=\"93dda94\" data-element_type=\"widget\" data-e-type=\"widget\" data-widget_type=\"tourmsectiontitle.default\">\n\t\t\t\t<div class=\"elementor-widget-container\">\n\t\t\t\t\t\t\t<div class=\"title-area text-center \">\r\n\t\t\t<h2 class=\"sec-title \">Costa Rica<\/h2>\t\t<\/div>\r\n\r\n\t\t\t\t\t<\/div>\n\t\t\t\t<\/div>\n\t\t\t\t\t<\/div>\n\t\t\t\t<\/div>\n\t\t<div class=\"elementor-element elementor-element-51ffd04 e-flex e-con-boxed e-con e-parent\" data-id=\"51ffd04\" data-element_type=\"container\" data-e-type=\"container\">\n\t\t\t\t\t<div class=\"e-con-inner\">\n\t\t\t\t<div class=\"elementor-element elementor-element-138123f elementor-widget elementor-widget-tourmsectiontitle\" data-id=\"138123f\" data-element_type=\"widget\" data-e-type=\"widget\" data-widget_type=\"tourmsectiontitle.default\">\n\t\t\t\t<div class=\"elementor-widget-container\">\n\t\t\t\t\t\t\t<div class=\"title-area text-center \">\r\n\t\t\t<span class=\"sub-title \">Volcans et paradis naturels<\/span>\t\t<\/div>\r\n\r\n\t\t\t\t\t<\/div>\n\t\t\t\t<\/div>\n\t\t\t\t<div class=\"elementor-element elementor-element-629caaf elementor-widget elementor-widget-text-editor\" data-id=\"629caaf\" data-element_type=\"widget\" data-e-type=\"widget\" data-widget_type=\"text-editor.default\">\n\t\t\t\t<div class=\"elementor-widget-container\">\n\t\t\t\t\t\t\t\t\t<p><span style=\"font-weight: 400;\">La r\u00e9gion centrale est \u00e9galement un paradis pour les amoureux de la nature. Des volcans imposants tels que le Po\u00e1s, l&#8217;Iraz\u00fa et le Turrialba fa\u00e7onnent le paysage et offrent des vues spectaculaires sur les vall\u00e9es environnantes. Les parcs nationaux tels que le Tapant\u00ed, le Chirrip\u00f3, le Barbilla, le La Cangreja et le Braulio Carrillo offrent d&#8217;innombrables possibilit\u00e9s de randonn\u00e9e, d&#8217;observation des oiseaux et d&#8217;exploration de la diversit\u00e9 de la flore et de la faune du Costa Rica.  <\/span><\/p><ul><li style=\"font-weight: 400;\" aria-level=\"1\"><b>Volcan Po\u00e1s :<\/b><span style=\"font-weight: 400;\"> Avec son crat\u00e8re impressionnant et son lac de crat\u00e8re turquoise, le Po\u00e1s est une destination d&#8217;excursion tr\u00e8s appr\u00e9ci\u00e9e.<\/span><\/li><li style=\"font-weight: 400;\" aria-level=\"1\"><b>Volcan Iraz\u00fa :<\/b><span style=\"font-weight: 400;\"> Le plus haut volcan du Costa Rica offre, par temps clair, une vue imprenable sur les deux oc\u00e9ans.<\/span><\/li><li style=\"font-weight: 400;\" aria-level=\"1\"><b>Parc national Chirrip\u00f3 :<\/b><span style=\"font-weight: 400;\"> Le sommet du Cerro Chirrip\u00f3 est le point culminant du Costa Rica et un paradis pour les randonneurs.<\/span><\/li><li style=\"font-weight: 400;\" aria-level=\"1\"><b>Parc national Braulio Carrillo :<\/b><span style=\"font-weight: 400;\"> Un immense parc de for\u00eat tropicale qui descend des hautes terres vers les basses terres des Cara\u00efbes.<\/span><\/li><\/ul><p><b>Un lieu de diversit\u00e9<\/b><\/p><p><span style=\"font-weight: 400;\">La r\u00e9gion centrale du Costa Rica est un lieu o\u00f9 se rencontrent diff\u00e9rents mondes. On y trouve l&#8217;agitation de la capitale, le calme des villages de montagne et la beaut\u00e9 intacte de la nature. Que l&#8217;on souhaite d\u00e9couvrir des tr\u00e9sors culturels, vivre des aventures passionnantes ou simplement se d\u00e9tendre, la r\u00e9gion centrale du Costa Rica offre quelque chose pour tous les go\u00fbts.  <\/span><\/p>\t\t\t\t\t\t\t\t<\/div>\n\t\t\t\t<\/div>\n\t\t\t\t\t<\/div>\n\t\t\t\t<\/div>\n\t\t<div class=\"elementor-element elementor-element-e8adab6 e-flex e-con-boxed e-con e-parent\" data-id=\"e8adab6\" data-element_type=\"container\" data-e-type=\"container\">\n\t\t\t\t\t<div class=\"e-con-inner\">\n\t\t\t\t<div class=\"elementor-element elementor-element-af425e5 gallery-spacing-custom elementor-widget elementor-widget-image-gallery\" data-id=\"af425e5\" data-element_type=\"widget\" data-e-type=\"widget\" data-widget_type=\"image-gallery.default\">\n\t\t\t\t<div class=\"elementor-widget-container\">\n\t\t\t\t\t\t\t<div class=\"elementor-image-gallery\">\n\t\t\t<div id='gallery-1' class='gallery galleryid-8317 gallery-columns-3 gallery-size-medium_large'><figure class='gallery-item'>\n\t\t\t<div class='gallery-icon portrait'>\n\t\t\t\t<img fetchpriority=\"high\" decoding=\"async\" width=\"600\" height=\"810\" src=\"https:\/\/dahlercostarica.com\/wp-content\/uploads\/2025\/03\/irazu-3.jpg\" class=\"attachment-medium_large size-medium_large\" alt=\"\" srcset=\"https:\/\/dahlercostarica.com\/wp-content\/uploads\/2025\/03\/irazu-3.jpg 600w, https:\/\/dahlercostarica.com\/wp-content\/uploads\/2025\/03\/irazu-3-222x300.jpg 222w\" sizes=\"(max-width: 600px) 100vw, 600px\" \/>\n\t\t\t<\/div><\/figure><figure class='gallery-item'>\n\t\t\t<div class='gallery-icon portrait'>\n\t\t\t\t<img decoding=\"async\" width=\"600\" height=\"810\" src=\"https:\/\/dahlercostarica.com\/wp-content\/uploads\/2025\/03\/SJO6.jpg\" class=\"attachment-medium_large size-medium_large\" alt=\"\" srcset=\"https:\/\/dahlercostarica.com\/wp-content\/uploads\/2025\/03\/SJO6.jpg 600w, https:\/\/dahlercostarica.com\/wp-content\/uploads\/2025\/03\/SJO6-222x300.jpg 222w\" sizes=\"(max-width: 600px) 100vw, 600px\" \/>\n\t\t\t<\/div><\/figure><figure class='gallery-item'>\n\t\t\t<div class='gallery-icon portrait'>\n\t\t\t\t<img decoding=\"async\" width=\"600\" height=\"810\" src=\"https:\/\/dahlercostarica.com\/wp-content\/uploads\/2025\/03\/sjo-5.jpg\" class=\"attachment-medium_large size-medium_large\" alt=\"\" srcset=\"https:\/\/dahlercostarica.com\/wp-content\/uploads\/2025\/03\/sjo-5.jpg 600w, https:\/\/dahlercostarica.com\/wp-content\/uploads\/2025\/03\/sjo-5-222x300.jpg 222w\" sizes=\"(max-width: 600px) 100vw, 600px\" \/>\n\t\t\t<\/div><\/figure><figure class='gallery-item'>\n\t\t\t<div class='gallery-icon portrait'>\n\t\t\t\t<img loading=\"lazy\" decoding=\"async\" width=\"600\" height=\"810\" src=\"https:\/\/dahlercostarica.com\/wp-content\/uploads\/2025\/03\/sjo-1.jpg\" class=\"attachment-medium_large size-medium_large\" alt=\"\" srcset=\"https:\/\/dahlercostarica.com\/wp-content\/uploads\/2025\/03\/sjo-1.jpg 600w, https:\/\/dahlercostarica.com\/wp-content\/uploads\/2025\/03\/sjo-1-222x300.jpg 222w\" sizes=\"(max-width: 600px) 100vw, 600px\" \/>\n\t\t\t<\/div><\/figure><figure class='gallery-item'>\n\t\t\t<div class='gallery-icon portrait'>\n\t\t\t\t<img loading=\"lazy\" decoding=\"async\" width=\"600\" height=\"810\" src=\"https:\/\/dahlercostarica.com\/wp-content\/uploads\/2025\/03\/irazu-2.jpg\" class=\"attachment-medium_large size-medium_large\" alt=\"\" srcset=\"https:\/\/dahlercostarica.com\/wp-content\/uploads\/2025\/03\/irazu-2.jpg 600w, https:\/\/dahlercostarica.com\/wp-content\/uploads\/2025\/03\/irazu-2-222x300.jpg 222w\" sizes=\"(max-width: 600px) 100vw, 600px\" \/>\n\t\t\t<\/div><\/figure><figure class='gallery-item'>\n\t\t\t<div class='gallery-icon portrait'>\n\t\t\t\t<img loading=\"lazy\" decoding=\"async\" width=\"600\" height=\"810\" src=\"https:\/\/dahlercostarica.com\/wp-content\/uploads\/2025\/03\/irazu.jpg\" class=\"attachment-medium_large size-medium_large\" alt=\"\" srcset=\"https:\/\/dahlercostarica.com\/wp-content\/uploads\/2025\/03\/irazu.jpg 600w, https:\/\/dahlercostarica.com\/wp-content\/uploads\/2025\/03\/irazu-222x300.jpg 222w\" sizes=\"(max-width: 600px) 100vw, 600px\" \/>\n\t\t\t<\/div><\/figure>\n\t\t<\/div>\n\t\t<\/div>\n\t\t\t\t\t\t<\/div>\n\t\t\t\t<\/div>\n\t\t\t\t\t<\/div>\n\t\t\t\t<\/div>\n\t\t<div class=\"elementor-element elementor-element-7ac68aa e-flex e-con-boxed e-con e-parent\" data-id=\"7ac68aa\" data-element_type=\"container\" data-e-type=\"container\">\n\t\t\t\t\t<div class=\"e-con-inner\">\n\t\t\t\t<div class=\"elementor-element elementor-element-4745bc3 elementor-widget elementor-widget-tourmsectiontitle\" data-id=\"4745bc3\" data-element_type=\"widget\" data-e-type=\"widget\" data-widget_type=\"tourmsectiontitle.default\">\n\t\t\t\t<div class=\"elementor-widget-container\">\n\t\t\t\t\t\t\t<div class=\"title-area text-center \">\r\n\t\t\t<span class=\"sub-title \">Les Incontournables<\/span><h2 class=\"sec-title \">D\u00e9couvrez nos meilleures excursions<\/h2><p class=\"tour-text\">DQu'il s'agisse d'un h\u00f4tel, d'une voiture de location ou d'une petite excursion, nous nous occupons avec plaisir de vos demandes individuelles. Contactez-nous !<\/p>\t\t<\/div>\r\n\r\n\t\t\t\t\t<\/div>\n\t\t\t\t<\/div>\n\t\t\t\t<div class=\"elementor-element elementor-element-ceae044 elementor-widget elementor-widget-tourmtrips\" data-id=\"ceae044\" data-element_type=\"widget\" data-e-type=\"widget\" data-widget_type=\"tourmtrips.default\">\n\t\t\t\t<div class=\"elementor-widget-container\">\n\t\t\t\t\t<div class=\"slider-area tour-slider slider-drag-wrap\"><div class=\"swiper th-slider has-shadow\" data-slider-options='{\"breakpoints\":{\"0\":{\"slidesPerView\":1},\"576\":{\"slidesPerView\":\"1\"},\"768\":{\"slidesPerView\":\"2\"},\"992\":{\"slidesPerView\":\"3\"},\"1200\":{\"slidesPerView\":\"3\"},\"1400\":{\"slidesPerView\":\"4\"}}}'><div class=\"swiper-wrapper\"><div class=\"swiper-slide\"><div class=\"tour-box th-ani \"><div class=\"tour-box_img global-img\"><img decoding=\"async\" src=\"https:\/\/dahlercostarica.com\/wp-content\/uploads\/2025\/03\/Costa-Ricas-NaturTour.jpg\" alt=\"Costa Ricas NaturTour\"  \/><\/div><div class=\"tour-content\"><h3 class=\"box-title title\"><a href=\"https:\/\/wetu.com\/Itinerary\/Landing\/59a19bf3-25b2-4844-b98a-3d93b96640b7\">Nature intacte et tr\u00e9sors cach\u00e9s du Costa Rica<\/a><\/h3><div class=\"tour-location\"><span><i class=\"fa-light fa-location\"><\/i> San Jose, Orosi, San Gerardo de Dota, Matapalo, Drake Bay, Naranjito, Alajuela <\/span>  <\/div><div class=\"tour-action\"><span class=\"durations\"><i class=\"fa-light fa-clock\"><\/i>14 Nuits<\/span><a target='_blank' href=\"https:\/\/wetu.com\/Itinerary\/Landing\/59a19bf3-25b2-4844-b98a-3d93b96640b7\" class=\"th-btn style4 th-icon\">Demandes<\/a><\/div><\/div><\/div><\/div><div class=\"swiper-slide\"><div class=\"tour-box th-ani \"><div class=\"tour-box_img global-img\"><img decoding=\"async\" src=\"https:\/\/dahlercostarica.com\/wp-content\/uploads\/2025\/03\/Copy-of-Tour-Nicaragua-Costa-Rica.png\" alt=\"Copy of Tour Nicaragua Costa Rica\"  \/><\/div><div class=\"tour-content\"><h3 class=\"box-title title\"><a href=\"https:\/\/www.thurgautravel.ch\/reise\/mittelamerika-rundreise-costa-rica-nicaragua\/\">Costa Rica et Nicaragua<\/a><\/h3><div class=\"tour-location\"><span><i class=\"fa-light fa-location\"><\/i> San Jos\u00e9 - Ca\u00f1as - Le\u00f3n - Granada - Monteverde - San Jos\u00e9<\/span>  <\/div><div class=\"tour-action\"><span class=\"durations\"><i class=\"fa-light fa-clock\"><\/i>13 Nuits<\/span><a target='_blank' href=\"https:\/\/www.thurgautravel.ch\/reise\/mittelamerika-rundreise-costa-rica-nicaragua\/\" class=\"th-btn style4 th-icon\">Demandes<\/a><\/div><\/div><\/div><\/div><div class=\"swiper-slide\"><div class=\"tour-box th-ani \"><div class=\"tour-box_img global-img\"><img decoding=\"async\" src=\"https:\/\/dahlercostarica.com\/wp-content\/uploads\/2025\/03\/Copy-of-Pura-Vida-Tour.png\" alt=\"Copy of Pura Vida Tour\"  \/><\/div><div class=\"tour-content\"><h3 class=\"box-title title\"><a href=\"https:\/\/www.thurgautravel.ch\/reise\/pura-vida-rundreise-durch-costa-rica\/?pm-ho=2\">Circuit &#039;Pura Vida&#039; au Costa Rica<\/a><\/h3><div class=\"tour-location\"><span><i class=\"fa-light fa-location\"><\/i>San Jos\u00e9 - Vulcan Irazu - Tortuguero - La Fortuna - San Jos\u00e9<\/span>  <\/div><div class=\"tour-action\"><span class=\"durations\"><i class=\"fa-light fa-clock\"><\/i>13 Nuits<\/span><a target='_blank' href=\"https:\/\/www.thurgautravel.ch\/reise\/pura-vida-rundreise-durch-costa-rica\/?pm-ho=2\" class=\"th-btn style4 th-icon\">Demandes<\/a><\/div><\/div><\/div><\/div><div class=\"swiper-slide\"><div class=\"tour-box th-ani \"><div class=\"tour-box_img global-img\"><img decoding=\"async\" src=\"https:\/\/dahlercostarica.com\/wp-content\/uploads\/2025\/03\/Familienreise.jpg\" alt=\"Familienreise\"  \/><\/div><div class=\"tour-content\"><h3 class=\"box-title title\"><a href=\"https:\/\/wetu.com\/Itinerary\/Landing\/ec7799c9-51f8-4baf-86ce-931475589b87\">Une aventure pour toute la famille<\/a><\/h3><div class=\"tour-location\"><span><i class=\"fa-light fa-location\"><\/i> San Jose, Tortuguero National Park, Puerto Viejo de Talamanca, La Fortuna, Manuel Antonio<\/span>  <\/div><div class=\"tour-action\"><span class=\"durations\"><i class=\"fa-light fa-clock\"><\/i>13 Nuits<\/span><a target='_blank' href=\"https:\/\/wetu.com\/Itinerary\/Landing\/ec7799c9-51f8-4baf-86ce-931475589b87\" class=\"th-btn style4 th-icon\">Demandes<\/a><\/div><\/div><\/div><\/div><div class=\"swiper-slide\"><div class=\"tour-box th-ani \"><div class=\"tour-box_img global-img\"><img decoding=\"async\" src=\"https:\/\/dahlercostarica.com\/wp-content\/uploads\/2025\/03\/Romantische-Reise-1.jpg\" alt=\"Romantische Reise 1\"  \/><\/div><div class=\"tour-content\"><h3 class=\"box-title title\"><a href=\"https:\/\/wetu.com\/Itinerary\/Landing\/e3f16a34-1562-4156-b713-d861e203c1c4\">Lune de miel : Moments inoubliables en couple<\/a><\/h3><div class=\"tour-location\"><span><i class=\"fa-light fa-location\"><\/i> San Jose, Pacuare River, Punta Cocles, La Fortuna, Tenorio Volcano National Park, Tamarindo<\/span>  <\/div><div class=\"tour-action\"><span class=\"durations\"><i class=\"fa-light fa-clock\"><\/i>13 Nuits<\/span><a target='_blank' href=\"https:\/\/wetu.com\/Itinerary\/Landing\/e3f16a34-1562-4156-b713-d861e203c1c4\" class=\"th-btn style4 th-icon\">Demandes<\/a><\/div><\/div><\/div><\/div><div class=\"swiper-slide\"><div class=\"tour-box th-ani \"><div class=\"tour-box_img global-img\"><img decoding=\"async\" src=\"https:\/\/dahlercostarica.com\/wp-content\/uploads\/2025\/03\/Tortuguero-1.jpg\" alt=\"Tortuguero 1\"  \/><\/div><div class=\"tour-content\"><h3 class=\"box-title title\"><a href=\"https:\/\/wetu.com\/Itinerary\/Landing\/aa35ea80-b8c7-499d-bc81-70f5ef24c9c1\">Voyage \u00e0 Tortuguero<\/a><\/h3><div class=\"tour-location\"><span><i class=\"fa-light fa-location\"><\/i> San Jose, Tortuguero National Park<\/span>  <\/div><div class=\"tour-action\"><span class=\"durations\"><i class=\"fa-light fa-clock\"><\/i>3 Nuits<\/span><a target='_blank' href=\"https:\/\/wetu.com\/Itinerary\/Landing\/aa35ea80-b8c7-499d-bc81-70f5ef24c9c1\" class=\"th-btn style4 th-icon\">Demandes<\/a><\/div><\/div><\/div><\/div><div class=\"swiper-slide\"><div class=\"tour-box th-ani \"><div class=\"tour-box_img global-img\"><img decoding=\"async\" src=\"https:\/\/dahlercostarica.com\/wp-content\/uploads\/2025\/03\/Copy-of-Starclipper-Segelschiff.png\" alt=\"Rundreisen mit Segelschiff oder wo du willst\"  \/><\/div><div class=\"tour-content\"><h3 class=\"box-title title\"><a href=\"https:\/\/dahlercostarica.com\/kontakt\/\">Croisi\u00e8re \u00e0 la voile<\/a><\/h3><div class=\"tour-location\"><span><i class=\"fa-light fa-location\"><\/i> Panama - Costa Rica <\/span>  <\/div><div class=\"tour-action\"><span class=\"durations\"><i class=\"fa-light fa-clock\"><\/i>7 Nuits<\/span><a  href=\"https:\/\/dahlercostarica.com\/kontakt\/\" class=\"th-btn style4 th-icon\">Demandes<\/a><\/div><\/div><\/div><\/div><div class=\"swiper-slide\"><div class=\"tour-box th-ani \"><div class=\"tour-box_img global-img\"><img decoding=\"async\" src=\"https:\/\/dahlercostarica.com\/wp-content\/uploads\/2025\/03\/Vogalfotografie-Reisen.jpg\" alt=\"Vogalfotografie Reisen\"  \/><\/div><div class=\"tour-content\"><h3 class=\"box-title title\"><a href=\"https:\/\/wetu.com\/Itinerary\/Landing\/af10dcdc-bd2f-473f-b9fe-002925eabca7\">Voyages photo : Costa Rica vu par votre appareil<\/a><\/h3><div class=\"tour-location\"><span><i class=\"fa-light fa-location\"><\/i> San Jose, Northern Plains, Puerto Viejo de Talamanca, Turrialba, San Gerardo de Dota, Drake Bay<\/span>  <\/div><div class=\"tour-action\"><span class=\"durations\"><i class=\"fa-light fa-clock\"><\/i>14 Nuits<\/span><a target='_blank' href=\"https:\/\/wetu.com\/Itinerary\/Landing\/af10dcdc-bd2f-473f-b9fe-002925eabca7\" class=\"th-btn style4 th-icon\">Demandes<\/a><\/div><\/div><\/div><\/div><div class=\"swiper-slide\"><div class=\"tour-box th-ani \"><div class=\"tour-box_img global-img\"><img decoding=\"async\" src=\"https:\/\/dahlercostarica.com\/wp-content\/uploads\/2025\/03\/27-1.jpg\" alt=\"27 1\"  \/><\/div><div class=\"tour-content\"><h3 class=\"box-title title\"><a href=\"https:\/\/dahlercostarica.com\/kontakt\/\">Circuit camping Costa Rica : Cara\u00efbes<\/a><\/h3><div class=\"tour-location\"><span><i class=\"fa-light fa-location\"><\/i> Costa Rica - Nicaragua<\/span>  <\/div><div class=\"tour-action\"><span class=\"durations\"><i class=\"fa-light fa-clock\"><\/i>13 Nuits<\/span><a  href=\"https:\/\/dahlercostarica.com\/kontakt\/\" class=\"th-btn style4 th-icon\">Demandes<\/a><\/div><\/div><\/div><\/div><div class=\"swiper-slide\"><div class=\"tour-box th-ani \"><div class=\"tour-box_img global-img\"><img decoding=\"async\" src=\"https:\/\/dahlercostarica.com\/wp-content\/uploads\/2025\/03\/Moto-Camper-Tour.jpg\" alt=\"Moto Camper Tour\"  \/><\/div><div class=\"tour-content\"><h3 class=\"box-title title\"><a href=\"https:\/\/dahlercostarica.com\/kontakt\/\">Circuit camping Costa Rica : Pack de d\u00e9marrage<\/a><\/h3><div class=\"tour-location\"><span><i class=\"fa-light fa-location\"><\/i> Costa Rica<\/span>  <\/div><div class=\"tour-action\"><span class=\"durations\"><i class=\"fa-light fa-clock\"><\/i>13 Nuits<\/span><a  href=\"https:\/\/dahlercostarica.com\/kontakt\/\" class=\"th-btn style4 th-icon\">Demandes<\/a><\/div><\/div><\/div><\/div><div class=\"swiper-slide\"><div class=\"tour-box th-ani \"><div class=\"tour-box_img global-img\"><img decoding=\"async\" src=\"https:\/\/dahlercostarica.com\/wp-content\/uploads\/2025\/03\/Langwanderung.jpg\" alt=\"Langwanderung\"  \/><\/div><div class=\"tour-content\"><h3 class=\"box-title title\"><a href=\"https:\/\/dahlercostarica.com\/kontakt\/\">Trek \u2013 Chemin de Costa Rica<\/a><\/h3><div class=\"tour-location\"><span><i class=\"fa-light fa-location\"><\/i>San Jose, Barra de Pacuare, Cartago, Turrialba, Orosi, Naranjito, Quebrada Arroyo, Manuel Antonio<\/span>  <\/div><div class=\"tour-action\"><span class=\"durations\"><i class=\"fa-light fa-clock\"><\/i>11 Nuits<\/span><a  href=\"https:\/\/dahlercostarica.com\/kontakt\/\" class=\"th-btn style4 th-icon\">Demandes<\/a><\/div><\/div><\/div><\/div><div class=\"swiper-slide\"><div class=\"tour-box th-ani \"><div class=\"tour-box_img global-img\"><img decoding=\"async\" src=\"https:\/\/dahlercostarica.com\/wp-content\/uploads\/2025\/03\/Costa-Rica-Entdeckungsreise.jpg\" alt=\"Costa Rica Entdeckungsreise\"  \/><\/div><div class=\"tour-content\"><h3 class=\"box-title title\"><a href=\"https:\/\/wetu.com\/Itinerary\/Landing\/b8358653-b85a-4b3d-a9f5-1a40f6bd3c48\">Circuit d\u00e9couverte au Costa Rica<\/a><\/h3><div class=\"tour-location\"><span><i class=\"fa-light fa-location\"><\/i> San Jose, Tortuguero National Park, Punta Cocles, La Fortuna, Rincon de la Vieja National Park, Samara<\/span>  <\/div><div class=\"tour-action\"><span class=\"durations\"><i class=\"fa-light fa-clock\"><\/i>13 Nuits<\/span><a target='_blank' href=\"https:\/\/wetu.com\/Itinerary\/Landing\/b8358653-b85a-4b3d-a9f5-1a40f6bd3c48\" class=\"th-btn style4 th-icon\">Demandes<\/a><\/div><\/div><\/div><\/div><\/div><div class=\"slider-pagination\"><\/div><\/div><\/div>\t\t\t\t<\/div>\n\t\t\t\t<\/div>\n\t\t\t\t\t<\/div>\n\t\t\t\t<\/div>\n\t\t<div class=\"elementor-element elementor-element-8d45dd4 e-flex e-con-boxed e-con e-parent\" data-id=\"8d45dd4\" data-element_type=\"container\" data-e-type=\"container\">\n\t\t\t\t\t<div class=\"e-con-inner\">\n\t\t\t\t<div class=\"elementor-element elementor-element-677e4b3 elementor-widget elementor-widget-tourmcontactform\" data-id=\"677e4b3\" data-element_type=\"widget\" data-e-type=\"widget\" data-widget_type=\"tourmcontactform.default\">\n\t\t\t\t<div class=\"elementor-widget-container\">\n\t\t\t\t\t\n<div class=\"wpcf7 no-js\" id=\"wpcf7-f8372-o1\" lang=\"fr-FR\" dir=\"ltr\" data-wpcf7-id=\"8372\">\n<div class=\"screen-reader-response\"><p role=\"status\" aria-live=\"polite\" aria-atomic=\"true\"><\/p> <ul><\/ul><\/div>\n<form action=\"\/fr\/wp-json\/wp\/v2\/pages\/8317#wpcf7-f8372-o1\" method=\"post\" class=\"wpcf7-form init\" aria-label=\"Formulaire de contact\" novalidate=\"novalidate\" data-status=\"init\">\n<fieldset class=\"hidden-fields-container\"><input type=\"hidden\" name=\"_wpcf7\" value=\"8372\" \/><input type=\"hidden\" name=\"_wpcf7_version\" value=\"6.1.5\" \/><input type=\"hidden\" name=\"_wpcf7_locale\" value=\"fr_FR\" \/><input type=\"hidden\" name=\"_wpcf7_unit_tag\" value=\"wpcf7-f8372-o1\" \/><input type=\"hidden\" name=\"_wpcf7_container_post\" value=\"0\" \/><input type=\"hidden\" name=\"_wpcf7_posted_data_hash\" value=\"\" \/><input type=\"hidden\" name=\"_wpcf7_recaptcha_response\" value=\"\" \/>\n<\/fieldset>\n<div class=\"contact-form \">\n    <h3 class=\"sec-title mb-30\">Demander des informations<\/h3>\n    <div class=\"row\">\n        <div class=\"col-md-6 form-group\">\n  <span class=\"wpcf7-form-control-wrap\" data-name=\"text-999\"><input size=\"40\" maxlength=\"400\" class=\"wpcf7-form-control wpcf7-text wpcf7-validates-as-required form-control\" id=\"text-999\" aria-required=\"true\" aria-invalid=\"false\" placeholder=\"Pr\u00e9nom\" value=\"\" type=\"text\" name=\"text-999\" \/><\/span>\n            <img decoding=\"async\" src=\"https:\/\/wordpress.themeholy.com\/tourm\/wp-content\/uploads\/2024\/07\/user.svg\" alt=\"\">\n        <\/div>\n        <div class=\"col-md-6 form-group\">\n  <span class=\"wpcf7-form-control-wrap\" data-name=\"email-717\"><input size=\"40\" maxlength=\"400\" class=\"wpcf7-form-control wpcf7-email wpcf7-validates-as-required wpcf7-text wpcf7-validates-as-email form-control\" id=\"email-717\" aria-required=\"true\" aria-invalid=\"false\" placeholder=\"Adresse e-mail*\" value=\"\" type=\"email\" name=\"email-717\" \/><\/span>\n            <img decoding=\"async\" src=\"https:\/\/wordpress.themeholy.com\/tourm\/wp-content\/uploads\/2024\/07\/mail.svg\" alt=\"\">\n        <\/div>\n        <div class=\"form-group col-12\">\n            <span class=\"wpcf7-form-control-wrap\" data-name=\"textarea-873\"><textarea cols=\"40\" rows=\"10\" maxlength=\"2000\" class=\"wpcf7-form-control wpcf7-textarea form-control\" id=\"textarea-873\" aria-invalid=\"false\" placeholder=\"\u00c9crivez votre message\" name=\"textarea-873\"><\/textarea><\/span>\n            <img decoding=\"async\" src=\"https:\/\/wordpress.themeholy.com\/tourm\/wp-content\/uploads\/2024\/07\/chat.svg\" alt=\"\">\n        <\/div>\n        <div class=\"form-btn col-12 mt-24\"><button type=\"submit\" class=\"th-btn style3 wpcf7\">Envoyer le message <img decoding=\"async\" src=\"https:\/\/wordpress.themeholy.com\/tourm\/wp-content\/uploads\/2024\/07\/plane.svg\" alt=\"\"><\/button>\n        <\/div>\n    <\/div>\n    <p class=\"form-messages mb-0 mt-3\"><\/p>\n<\/div><div class=\"wpcf7-response-output\" aria-hidden=\"true\"><\/div>\n<\/form>\n<\/div>\n\t\t\t\t<\/div>\n\t\t\t\t<\/div>\n\t\t\t\t\t<\/div>\n\t\t\t\t<\/div>\n\t\t\t\t<\/div>\n\t\t","protected":false},"excerpt":{"rendered":"<p>Costa Rica Volcans et paradis naturels La r\u00e9gion centrale est \u00e9galement un paradis pour les amoureux de la nature. Des volcans imposants tels que le Po\u00e1s, l&#8217;Iraz\u00fa et le Turrialba fa\u00e7onnent le paysage et offrent des vues spectaculaires sur les vall\u00e9es environnantes. Les parcs nationaux tels que le Tapant\u00ed, le Chirrip\u00f3, le Barbilla, le La&#8230;<\/p>\n","protected":false},"author":1,"featured_media":0,"parent":8365,"menu_order":0,"comment_status":"closed","ping_status":"closed","template":"template-builder.php","meta":{"_monsterinsights_skip_tracking":false,"_monsterinsights_sitenote_active":false,"_monsterinsights_sitenote_note":"","_monsterinsights_sitenote_category":0,"footnotes":""},"class_list":["post-8317","page","type-page","status-publish","hentry"],"yoast_head":"<!-- This site is optimized with the Yoast SEO plugin v27.5 - https:\/\/yoast.com\/product\/yoast-seo-wordpress\/ -->\n<title>Volcans et paradis naturels - Swiss Tropical Tourism<\/title>\n<meta name=\"robots\" content=\"index, follow, max-snippet:-1, max-image-preview:large, max-video-preview:-1\" \/>\n<link rel=\"canonical\" href=\"https:\/\/dahlercostarica.com\/fr\/costa-rica\/volcans-et-paradis-naturels\/\" \/>\n<meta property=\"og:locale\" content=\"fr_FR\" \/>\n<meta property=\"og:type\" content=\"article\" \/>\n<meta property=\"og:title\" content=\"Volcans et paradis naturels - Swiss Tropical Tourism\" \/>\n<meta property=\"og:description\" content=\"Costa Rica Volcans et paradis naturels La r\u00e9gion centrale est \u00e9galement un paradis pour les amoureux de la nature. Des volcans imposants tels que le Po\u00e1s, l&#8217;Iraz\u00fa et le Turrialba fa\u00e7onnent le paysage et offrent des vues spectaculaires sur les vall\u00e9es environnantes. Les parcs nationaux tels que le Tapant\u00ed, le Chirrip\u00f3, le Barbilla, le La...\" \/>\n<meta property=\"og:url\" content=\"https:\/\/dahlercostarica.com\/fr\/costa-rica\/volcans-et-paradis-naturels\/\" \/>\n<meta property=\"og:site_name\" content=\"Swiss Tropical Tourism\" \/>\n<meta property=\"article:publisher\" content=\"https:\/\/www.facebook.com\/SwissTropicalTourism\" \/>\n<meta property=\"article:modified_time\" content=\"2025-11-11T19:41:48+00:00\" \/>\n<meta property=\"og:image\" content=\"https:\/\/dahlercostarica.com\/wp-content\/uploads\/2025\/03\/Costa-Ricas-NaturTour.jpg\" \/>\n<meta name=\"twitter:card\" content=\"summary_large_image\" \/>\n<meta name=\"twitter:label1\" content=\"Dur\u00e9e de lecture estim\u00e9e\" \/>\n\t<meta name=\"twitter:data1\" content=\"5 minutes\" \/>\n<script type=\"application\/ld+json\" class=\"yoast-schema-graph\">{\"@context\":\"https:\\\/\\\/schema.org\",\"@graph\":[{\"@type\":\"WebPage\",\"@id\":\"https:\\\/\\\/dahlercostarica.com\\\/fr\\\/costa-rica\\\/volcans-et-paradis-naturels\\\/\",\"url\":\"https:\\\/\\\/dahlercostarica.com\\\/fr\\\/costa-rica\\\/volcans-et-paradis-naturels\\\/\",\"name\":\"Volcans et paradis naturels - Swiss Tropical Tourism\",\"isPartOf\":{\"@id\":\"https:\\\/\\\/dahlercostarica.com\\\/fr\\\/#website\"},\"primaryImageOfPage\":{\"@id\":\"https:\\\/\\\/dahlercostarica.com\\\/fr\\\/costa-rica\\\/volcans-et-paradis-naturels\\\/#primaryimage\"},\"image\":{\"@id\":\"https:\\\/\\\/dahlercostarica.com\\\/fr\\\/costa-rica\\\/volcans-et-paradis-naturels\\\/#primaryimage\"},\"thumbnailUrl\":\"https:\\\/\\\/dahlercostarica.com\\\/wp-content\\\/uploads\\\/2025\\\/03\\\/Costa-Ricas-NaturTour.jpg\",\"datePublished\":\"2025-03-07T23:34:16+00:00\",\"dateModified\":\"2025-11-11T19:41:48+00:00\",\"breadcrumb\":{\"@id\":\"https:\\\/\\\/dahlercostarica.com\\\/fr\\\/costa-rica\\\/volcans-et-paradis-naturels\\\/#breadcrumb\"},\"inLanguage\":\"fr-FR\",\"potentialAction\":[{\"@type\":\"ReadAction\",\"target\":[\"https:\\\/\\\/dahlercostarica.com\\\/fr\\\/costa-rica\\\/volcans-et-paradis-naturels\\\/\"]}]},{\"@type\":\"ImageObject\",\"inLanguage\":\"fr-FR\",\"@id\":\"https:\\\/\\\/dahlercostarica.com\\\/fr\\\/costa-rica\\\/volcans-et-paradis-naturels\\\/#primaryimage\",\"url\":\"https:\\\/\\\/dahlercostarica.com\\\/wp-content\\\/uploads\\\/2025\\\/03\\\/Costa-Ricas-NaturTour.jpg\",\"contentUrl\":\"https:\\\/\\\/dahlercostarica.com\\\/wp-content\\\/uploads\\\/2025\\\/03\\\/Costa-Ricas-NaturTour.jpg\"},{\"@type\":\"BreadcrumbList\",\"@id\":\"https:\\\/\\\/dahlercostarica.com\\\/fr\\\/costa-rica\\\/volcans-et-paradis-naturels\\\/#breadcrumb\",\"itemListElement\":[{\"@type\":\"ListItem\",\"position\":1,\"name\":\"Accueil\",\"item\":\"https:\\\/\\\/dahlercostarica.com\\\/fr\\\/\"},{\"@type\":\"ListItem\",\"position\":2,\"name\":\"Costa Rica\",\"item\":\"https:\\\/\\\/dahlercostarica.com\\\/fr\\\/costa-rica\\\/\"},{\"@type\":\"ListItem\",\"position\":3,\"name\":\"Volcans et paradis naturels\"}]},{\"@type\":\"WebSite\",\"@id\":\"https:\\\/\\\/dahlercostarica.com\\\/fr\\\/#website\",\"url\":\"https:\\\/\\\/dahlercostarica.com\\\/fr\\\/\",\"name\":\"Swiss Tropical Tourism\",\"description\":\"Reiseagentur\",\"potentialAction\":[{\"@type\":\"SearchAction\",\"target\":{\"@type\":\"EntryPoint\",\"urlTemplate\":\"https:\\\/\\\/dahlercostarica.com\\\/fr\\\/?s={search_term_string}\"},\"query-input\":{\"@type\":\"PropertyValueSpecification\",\"valueRequired\":true,\"valueName\":\"search_term_string\"}}],\"inLanguage\":\"fr-FR\"}]}<\/script>\n<!-- \/ Yoast SEO plugin. -->","yoast_head_json":{"title":"Volcans et paradis naturels - Swiss Tropical Tourism","robots":{"index":"index","follow":"follow","max-snippet":"max-snippet:-1","max-image-preview":"max-image-preview:large","max-video-preview":"max-video-preview:-1"},"canonical":"https:\/\/dahlercostarica.com\/fr\/costa-rica\/volcans-et-paradis-naturels\/","og_locale":"fr_FR","og_type":"article","og_title":"Volcans et paradis naturels - Swiss Tropical Tourism","og_description":"Costa Rica Volcans et paradis naturels La r\u00e9gion centrale est \u00e9galement un paradis pour les amoureux de la nature. Des volcans imposants tels que le Po\u00e1s, l&#8217;Iraz\u00fa et le Turrialba fa\u00e7onnent le paysage et offrent des vues spectaculaires sur les vall\u00e9es environnantes. Les parcs nationaux tels que le Tapant\u00ed, le Chirrip\u00f3, le Barbilla, le La...","og_url":"https:\/\/dahlercostarica.com\/fr\/costa-rica\/volcans-et-paradis-naturels\/","og_site_name":"Swiss Tropical Tourism","article_publisher":"https:\/\/www.facebook.com\/SwissTropicalTourism","article_modified_time":"2025-11-11T19:41:48+00:00","og_image":[{"url":"https:\/\/dahlercostarica.com\/wp-content\/uploads\/2025\/03\/Costa-Ricas-NaturTour.jpg","type":"","width":"","height":""}],"twitter_card":"summary_large_image","twitter_misc":{"Dur\u00e9e de lecture estim\u00e9e":"5 minutes"},"schema":{"@context":"https:\/\/schema.org","@graph":[{"@type":"WebPage","@id":"https:\/\/dahlercostarica.com\/fr\/costa-rica\/volcans-et-paradis-naturels\/","url":"https:\/\/dahlercostarica.com\/fr\/costa-rica\/volcans-et-paradis-naturels\/","name":"Volcans et paradis naturels - Swiss Tropical Tourism","isPartOf":{"@id":"https:\/\/dahlercostarica.com\/fr\/#website"},"primaryImageOfPage":{"@id":"https:\/\/dahlercostarica.com\/fr\/costa-rica\/volcans-et-paradis-naturels\/#primaryimage"},"image":{"@id":"https:\/\/dahlercostarica.com\/fr\/costa-rica\/volcans-et-paradis-naturels\/#primaryimage"},"thumbnailUrl":"https:\/\/dahlercostarica.com\/wp-content\/uploads\/2025\/03\/Costa-Ricas-NaturTour.jpg","datePublished":"2025-03-07T23:34:16+00:00","dateModified":"2025-11-11T19:41:48+00:00","breadcrumb":{"@id":"https:\/\/dahlercostarica.com\/fr\/costa-rica\/volcans-et-paradis-naturels\/#breadcrumb"},"inLanguage":"fr-FR","potentialAction":[{"@type":"ReadAction","target":["https:\/\/dahlercostarica.com\/fr\/costa-rica\/volcans-et-paradis-naturels\/"]}]},{"@type":"ImageObject","inLanguage":"fr-FR","@id":"https:\/\/dahlercostarica.com\/fr\/costa-rica\/volcans-et-paradis-naturels\/#primaryimage","url":"https:\/\/dahlercostarica.com\/wp-content\/uploads\/2025\/03\/Costa-Ricas-NaturTour.jpg","contentUrl":"https:\/\/dahlercostarica.com\/wp-content\/uploads\/2025\/03\/Costa-Ricas-NaturTour.jpg"},{"@type":"BreadcrumbList","@id":"https:\/\/dahlercostarica.com\/fr\/costa-rica\/volcans-et-paradis-naturels\/#breadcrumb","itemListElement":[{"@type":"ListItem","position":1,"name":"Accueil","item":"https:\/\/dahlercostarica.com\/fr\/"},{"@type":"ListItem","position":2,"name":"Costa Rica","item":"https:\/\/dahlercostarica.com\/fr\/costa-rica\/"},{"@type":"ListItem","position":3,"name":"Volcans et paradis naturels"}]},{"@type":"WebSite","@id":"https:\/\/dahlercostarica.com\/fr\/#website","url":"https:\/\/dahlercostarica.com\/fr\/","name":"Swiss Tropical Tourism","description":"Reiseagentur","potentialAction":[{"@type":"SearchAction","target":{"@type":"EntryPoint","urlTemplate":"https:\/\/dahlercostarica.com\/fr\/?s={search_term_string}"},"query-input":{"@type":"PropertyValueSpecification","valueRequired":true,"valueName":"search_term_string"}}],"inLanguage":"fr-FR"}]}},"_links":{"self":[{"href":"https:\/\/dahlercostarica.com\/fr\/wp-json\/wp\/v2\/pages\/8317","targetHints":{"allow":["GET"]}}],"collection":[{"href":"https:\/\/dahlercostarica.com\/fr\/wp-json\/wp\/v2\/pages"}],"about":[{"href":"https:\/\/dahlercostarica.com\/fr\/wp-json\/wp\/v2\/types\/page"}],"author":[{"embeddable":true,"href":"https:\/\/dahlercostarica.com\/fr\/wp-json\/wp\/v2\/users\/1"}],"replies":[{"embeddable":true,"href":"https:\/\/dahlercostarica.com\/fr\/wp-json\/wp\/v2\/comments?post=8317"}],"version-history":[{"count":8,"href":"https:\/\/dahlercostarica.com\/fr\/wp-json\/wp\/v2\/pages\/8317\/revisions"}],"predecessor-version":[{"id":8721,"href":"https:\/\/dahlercostarica.com\/fr\/wp-json\/wp\/v2\/pages\/8317\/revisions\/8721"}],"up":[{"embeddable":true,"href":"https:\/\/dahlercostarica.com\/fr\/wp-json\/wp\/v2\/pages\/8365"}],"wp:attachment":[{"href":"https:\/\/dahlercostarica.com\/fr\/wp-json\/wp\/v2\/media?parent=8317"}],"curies":[{"name":"wp","href":"https:\/\/api.w.org\/{rel}","templated":true}]}}